{"id":357,"date":"2023-02-14T14:26:44","date_gmt":"2023-02-14T14:26:44","guid":{"rendered":"https:\/\/www.saludsanagustin.cl\/csa\/?page_id=357"},"modified":"2023-02-14T23:31:48","modified_gmt":"2023-02-14T23:31:48","slug":"politica-de-calidad","status":"publish","type":"page","link":"https:\/\/www.saludsanagustin.cl\/csa\/nosotros\/politica-de-calidad\/","title":{"rendered":"Pol\u00edtica de Calidad"},"content":{"rendered":"<p>[et_pb_section fb_built=\u00bb1&#8243; fullwidth=\u00bbon\u00bb _builder_version=\u00bb4.19.5&#8243; _module_preset=\u00bbdefault\u00bb max_width=\u00bb1920px\u00bb module_alignment=\u00bbcenter\u00bb locked=\u00bboff\u00bb global_colors_info=\u00bb{}\u00bb][et_pb_fullwidth_slider arrows_custom_color=\u00bb#00cec9&#8243; dot_nav_custom_color=\u00bb#00cec9&#8243; _builder_version=\u00bb4.19.5&#8243; _module_preset=\u00bbdefault\u00bb min_height=\u00bb450px\u00bb min_height_tablet=\u00bb450px\u00bb min_height_phone=\u00bb138px\u00bb min_height_last_edited=\u00bbon|desktop\u00bb global_colors_info=\u00bb{}\u00bb][et_pb_slide admin_title=\u00bbPol\u00edticas de Calidad\u00bb _builder_version=\u00bb4.19.5&#8243; _module_preset=\u00bbdefault\u00bb background_enable_color=\u00bboff\u00bb background_image=\u00bbhttps:\/\/www.saludsanagustin.cl\/csa\/wp-content\/uploads\/2023\/02\/Politicas-de-Calidad2.jpeg\u00bb background_enable_image=\u00bbon\u00bb global_colors_info=\u00bb{}\u00bb sticky_transition=\u00bbon\u00bb][\/et_pb_slide][\/et_pb_fullwidth_slider][\/et_pb_section][et_pb_section fb_built=\u00bb1&#8243; _builder_version=\u00bb4.19.5&#8243; _module_preset=\u00bbdefault\u00bb global_colors_info=\u00bb{}\u00bb][et_pb_row _builder_version=\u00bb4.19.5&#8243; _module_preset=\u00bbdefault\u00bb global_colors_info=\u00bb{}\u00bb][et_pb_column type=\u00bb4_4&#8243; _builder_version=\u00bb4.19.5&#8243; _module_preset=\u00bbdefault\u00bb global_colors_info=\u00bb{}\u00bb][et_pb_text _builder_version=\u00bb4.19.5&#8243; _module_preset=\u00bbdefault\u00bb header_font=\u00bb|700|||||||\u00bb header_text_color=\u00bb#27c0a5&#8243; header_font_size=\u00bb23px\u00bb custom_margin=\u00bb||4px|||\u00bb header_font_size_tablet=\u00bb\u00bb header_font_size_phone=\u00bb18px\u00bb header_font_size_last_edited=\u00bbon|phone\u00bb global_colors_info=\u00bb{}\u00bb]<\/p>\n<h1>&gt; Pol\u00edtica de Calidad<\/h1>\n<p>[\/et_pb_text][et_pb_text _builder_version=\u00bb4.19.5&#8243; _module_preset=\u00bbdefault\u00bb text_text_color=\u00bb#7d7d7d\u00bb hover_enabled=\u00bb0&#8243; text_font_size_tablet=\u00bb14px\u00bb text_font_size_phone=\u00bb14px\u00bb text_font_size_last_edited=\u00bbon|tablet\u00bb text_orientation_tablet=\u00bb\u00bb text_orientation_phone=\u00bb\u00bb text_orientation_last_edited=\u00bbon|phone\u00bb global_colors_info=\u00bb{}\u00bb sticky_enabled=\u00bb0&#8243;]<\/p>\n<p>En cl\u00ednica San Agust\u00edn nos esforzamos por brindar prestaciones de salud integrales que contribuyan a mejorar la calidad de vida de nuestros pacientes, bajo un marco de profesionalismo y accesibilidad, ofreciendo todos los servicios de modalidad ambulatoria en una \u00fanica dependencia y con un equipo de profesionales y especialistas de reconocida trayectoria. Nuestra visi\u00f3n es transformarnos en l\u00edderes en servicios m\u00e9dicos en Melipilla y sus alrededores.<\/p>\n<p>Basado en lo anterior, hemos decidido la implementaci\u00f3n de un sistema de Gesti\u00f3n de la calidad basado en la norma internacional ISO 9001:2015, para el \u00e1rea administrativa. La decisi\u00f3n anterior se fundamenta en la importancia que el \u00e1rea administrativa tiene como soporte en la entrega de servicios de calidad a nuestros usuarios.<\/p>\n<p>En consecuencia, nosotros, el \u00e1rea administrativa de Cl\u00ednica San Agust\u00edn y su sistema de gesti\u00f3n de la calidad para sus procesos, concentraremos nuestros esfuerzos en mejorar continuamente las operaciones de nuestros departamentos y cumplir con los requisitos legales aplicables.<\/p>\n<p><strong>&#8211;<br \/>V\u00edctor Contreras<\/strong><br \/>Gerente General.<\/p>\n<p>[\/et_pb_text][et_pb_image src=\u00bbhttps:\/\/www.saludsanagustin.cl\/csa\/wp-content\/uploads\/2023\/02\/iso.svg\u00bb align=\u00bbcenter\u00bb _builder_version=\u00bb4.19.5&#8243; _module_preset=\u00bbdefault\u00bb custom_margin=\u00bb||||false|false\u00bb custom_padding=\u00bb40px||||false|false\u00bb global_colors_info=\u00bb{}\u00bb][\/et_pb_image][\/et_pb_column][\/et_pb_row][\/et_pb_section]<\/p>\n","protected":false},"excerpt":{"rendered":"<p>&gt; Pol\u00edtica de CalidadEn cl\u00ednica San Agust\u00edn nos esforzamos por brindar prestaciones de salud integrales que contribuyan a mejorar la calidad de vida de nuestros pacientes, bajo un marco de profesionalismo y accesibilidad, ofreciendo todos los servicios de modalidad ambulatoria en una \u00fanica dependencia y con un equipo de profesionales y especialistas de reconocida trayectoria. [&hellip;]<\/p>\n","protected":false},"author":1,"featured_media":0,"parent":44,"menu_order":0,"comment_status":"closed","ping_status":"closed","template":"","meta":{"_et_pb_use_builder":"on","_et_pb_old_content":"","_et_gb_content_width":"","inline_featured_image":false,"footnotes":""},"class_list":["post-357","page","type-page","status-publish","hentry"],"_links":{"self":[{"href":"https:\/\/www.saludsanagustin.cl\/csa\/wp-json\/wp\/v2\/pages\/357","targetHints":{"allow":["GET"]}}],"collection":[{"href":"https:\/\/www.saludsanagustin.cl\/csa\/wp-json\/wp\/v2\/pages"}],"about":[{"href":"https:\/\/www.saludsanagustin.cl\/csa\/wp-json\/wp\/v2\/types\/page"}],"author":[{"embeddable":true,"href":"https:\/\/www.saludsanagustin.cl\/csa\/wp-json\/wp\/v2\/users\/1"}],"replies":[{"embeddable":true,"href":"https:\/\/www.saludsanagustin.cl\/csa\/wp-json\/wp\/v2\/comments?post=357"}],"version-history":[{"count":10,"href":"https:\/\/www.saludsanagustin.cl\/csa\/wp-json\/wp\/v2\/pages\/357\/revisions"}],"predecessor-version":[{"id":427,"href":"https:\/\/www.saludsanagustin.cl\/csa\/wp-json\/wp\/v2\/pages\/357\/revisions\/427"}],"up":[{"embeddable":true,"href":"https:\/\/www.saludsanagustin.cl\/csa\/wp-json\/wp\/v2\/pages\/44"}],"wp:attachment":[{"href":"https:\/\/www.saludsanagustin.cl\/csa\/wp-json\/wp\/v2\/media?parent=357"}],"curies":[{"name":"wp","href":"https:\/\/api.w.org\/{rel}","templated":true}]}}